{"id":418,"date":"2022-03-08T05:13:44","date_gmt":"2022-03-08T05:13:44","guid":{"rendered":"https:\/\/obispadoarica.cl\/home\/?page_id=418"},"modified":"2024-12-24T01:05:57","modified_gmt":"2024-12-24T05:05:57","slug":"obispo-diocesano","status":"publish","type":"page","link":"https:\/\/obispadoarica.cl\/home\/obispo-diocesano\/","title":{"rendered":"\u00a0Obispo Diocesano"},"content":{"rendered":"\t\t<div data-elementor-type=\"wp-page\" data-elementor-id=\"418\" class=\"elementor elementor-418\" data-elementor-post-type=\"page\">\n\t\t\t\t\t\t<section class=\"elementor-section elementor-top-section elementor-element elementor-element-8bda933 elementor-section-boxed elementor-section-height-default elementor-section-height-default\" data-id=\"8bda933\" data-element_type=\"section\">\n\t\t\t\t\t\t<div class=\"elementor-container elementor-column-gap-default\">\n\t\t\t\t\t<div class=\"elementor-column elementor-col-100 elementor-top-column elementor-element elementor-element-e874af2\" data-id=\"e874af2\" data-element_type=\"column\">\n\t\t\t<div class=\"elementor-widget-wrap elementor-element-populated\">\n\t\t\t\t\t\t<div class=\"elementor-element elementor-element-e4dc023 anwp-pg-widget-header-style--b anwp-pg-post-teaser__post-icon--size-16 elementor-arrows-position-inside elementor-pagination-position-outside elementor-widget elementor-widget-anwp-pg-simple-slider\" data-id=\"e4dc023\" data-element_type=\"widget\" data-widget_type=\"anwp-pg-simple-slider.default\">\n\t\t\t\t<div class=\"elementor-widget-container\">\n\t\t\t\t\t<div class=\"anwp-pg-wrap\">\n\n\t\n\t<!-- Slider main container -->\n\t<div\n\t\tclass=\"anwp-pg-simple-slider anwp-pg-swiper-wrapper position-relative swiper swiper-container anwp-pg-no-transform\"\n\t\tdata-pg-slides-per-view=\"3\"\n\t\tdata-pg-slides-per-view-mobile=\"1\"\n\t\tdata-pg-slides-per-view-tablet=\"2\"\n\t\tdata-pg-slides-per-group=\"1\"\n\t\tdata-pg-slides-per-group-mobile=\"1\"\n\t\tdata-pg-slides-per-group-tablet=\"1\"\n\t\tdata-pg-autoplay=\"yes\"\n\t\tdata-pg-autoplay-delay=\"5000\"\n\t\tdata-pg-space-between=\"20\"\n\t\tdata-pg-effect=\"slide\"\n\t\tdata-pg-enable-observer=\"no\"\n\t\tdata-pg-loop=\"no\"\n\t\tdir=\"ltr\"\n\t>\n\t\t<!-- Additional required wrapper -->\n\t\t<div class=\"swiper-wrapper\">\n\t\t\t<!-- Slides -->\n\t\t\t<div class=\"anwp-pg-post-teaser anwp-pg-post-teaser--layout-a swiper-slide\">\n\t<div class=\"anwp-pg-post-teaser__thumbnail position-relative\">\n\n\t\t\n\t\t\t\t\t<img loading=\"lazy\" class=\"anwp-pg-post-teaser__thumbnail-img d-block anwp-pg-height-180 anwp-object-cover m-0 w-100\"\n\t\t\t\talt=\"Di\u00f3cesis de San Marcos de Arica celebra 40 a\u00f1os de vida junto a su patrono con un llamado a la memoria agradecida y la misi\u00f3n\"\n\t\t\t\tsrc=\"https:\/\/obispadoarica.cl\/home\/wp-content\/uploads\/2026\/04\/img_gale_69f01eeedbb1a_27042026-300x169.jpeg\" \/>\n\t\t\n\t\t<div class=\"anwp-pg-post-teaser__muted_bg\"><\/div>\n\t\t<div class=\"anwp-pg-post-teaser__thumbnail-bg anwp-position-cover\"><\/div>\n\n\t\t<div class=\"anwp-pg-post-teaser__content d-flex flex-column anwp-position-cover\">\n\t\t\t<div class=\"anwp-pg-post-teaser__top-meta d-flex mb-2\">\n\t\t\t\t\t\t\t<\/div>\n\n\t\t\t\t\t\t\t<div class=\"d-flex flex-column anwp-pg-post-teaser__category-column ml-auto\">\n\t\t\t\t\t<div class=\"anwp-pg-category__wrapper-filled px-2 d-flex align-items-center anwp-pg-post-teaser__category-wrapper align-self-end anwp-pg-category-parent-0\" style=\"background-color: #1565C0\"><span>Noticias<\/span><\/div>\t\t\t\t<\/div>\n\t\t\t\n\t\t\t<div class=\"anwp-pg-post-teaser__title anwp-font-heading mt-auto mb-1\">\n\t\t\t\tDi\u00f3cesis de San Marcos de Arica celebra 40 a\u00f1os de vida junto a su patrono con un llamado a la memoria agradecida y la misi\u00f3n\t\t\t<\/div>\n\n\t\t\t\t\t\t\t<div class=\"anwp-pg-post-teaser__bottom-meta mt-1 position-relative mb-2\">\n\t\t\t\t\t<span class=\"posted-on m-0\"><span class=\"screen-reader-text\">Posted on<\/span><time class=\"anwp-pg-published\" datetime=\"2026-04-29T09:50:19-04:00\">29 abril, 2026<\/time><time class=\"anwp-pg-updated\" datetime=\"2026-04-29T09:51:08-04:00\">29 abril, 2026<\/time><\/span>\n\t\t\t\t<\/div>\n\t\t\t\t\t<\/div>\n\n\t\t<a class=\"anwp-position-cover anwp-link-without-effects\" href=\"https:\/\/obispadoarica.cl\/home\/diocesis-de-san-marcos-de-arica-celebra-40-anos-de-vida-junto-a-su-patrono-con-un-llamado-a-la-memoria-agradecida-y-la-mision\/\" aria-hidden=\"true\" ><\/a>\n\t<\/div>\n<\/div>\n<div class=\"anwp-pg-post-teaser anwp-pg-post-teaser--layout-a swiper-slide\">\n\t<div class=\"anwp-pg-post-teaser__thumbnail position-relative\">\n\n\t\t\n\t\t\t\t\t<img loading=\"lazy\" class=\"anwp-pg-post-teaser__thumbnail-img d-block anwp-pg-height-180 anwp-object-cover m-0 w-100\"\n\t\t\t\talt=\"Nueva etapa pastoral en Azapa: comunidad da la bienvenida a su nuevo p\u00e1rroco\"\n\t\t\t\tsrc=\"https:\/\/obispadoarica.cl\/home\/wp-content\/uploads\/2026\/04\/img_gale_69ef8eaf7ccb9_27042026-300x169.jpeg\" \/>\n\t\t\n\t\t<div class=\"anwp-pg-post-teaser__muted_bg\"><\/div>\n\t\t<div class=\"anwp-pg-post-teaser__thumbnail-bg anwp-position-cover\"><\/div>\n\n\t\t<div class=\"anwp-pg-post-teaser__content d-flex flex-column anwp-position-cover\">\n\t\t\t<div class=\"anwp-pg-post-teaser__top-meta d-flex mb-2\">\n\t\t\t\t\t\t\t<\/div>\n\n\t\t\t\t\t\t\t<div class=\"d-flex flex-column anwp-pg-post-teaser__category-column ml-auto\">\n\t\t\t\t\t<div class=\"anwp-pg-category__wrapper-filled px-2 d-flex align-items-center anwp-pg-post-teaser__category-wrapper align-self-end anwp-pg-category-parent-0\" style=\"background-color: #1565C0\"><span>Noticias<\/span><\/div>\t\t\t\t<\/div>\n\t\t\t\n\t\t\t<div class=\"anwp-pg-post-teaser__title anwp-font-heading mt-auto mb-1\">\n\t\t\t\tNueva etapa pastoral en Azapa: comunidad da la bienvenida a su nuevo p\u00e1rroco\t\t\t<\/div>\n\n\t\t\t\t\t\t\t<div class=\"anwp-pg-post-teaser__bottom-meta mt-1 position-relative mb-2\">\n\t\t\t\t\t<span class=\"posted-on m-0\"><span class=\"screen-reader-text\">Posted on<\/span><time class=\"anwp-pg-published\" datetime=\"2026-04-29T09:24:13-04:00\">29 abril, 2026<\/time><time class=\"anwp-pg-updated\" datetime=\"2026-04-29T09:24:14-04:00\">29 abril, 2026<\/time><\/span>\n\t\t\t\t<\/div>\n\t\t\t\t\t<\/div>\n\n\t\t<a class=\"anwp-position-cover anwp-link-without-effects\" href=\"https:\/\/obispadoarica.cl\/home\/nueva-etapa-pastoral-en-azapa-comunidad-da-la-bienvenida-a-su-nuevo-parroco\/\" aria-hidden=\"true\" ><\/a>\n\t<\/div>\n<\/div>\n<div class=\"anwp-pg-post-teaser anwp-pg-post-teaser--layout-a swiper-slide\">\n\t<div class=\"anwp-pg-post-teaser__thumbnail position-relative\">\n\n\t\t\n\t\t\t\t\t<img loading=\"lazy\" class=\"anwp-pg-post-teaser__thumbnail-img d-block anwp-pg-height-180 anwp-object-cover m-0 w-100\"\n\t\t\t\talt=\"Misa de Acci\u00f3n de Gracias en Arica\"\n\t\t\t\tsrc=\"https:\/\/obispadoarica.cl\/home\/wp-content\/uploads\/2026\/04\/IMG_5863-300x200.png\" \/>\n\t\t\n\t\t<div class=\"anwp-pg-post-teaser__muted_bg\"><\/div>\n\t\t<div class=\"anwp-pg-post-teaser__thumbnail-bg anwp-position-cover\"><\/div>\n\n\t\t<div class=\"anwp-pg-post-teaser__content d-flex flex-column anwp-position-cover\">\n\t\t\t<div class=\"anwp-pg-post-teaser__top-meta d-flex mb-2\">\n\t\t\t\t\t\t\t<\/div>\n\n\t\t\t\t\t\t\t<div class=\"d-flex flex-column anwp-pg-post-teaser__category-column ml-auto\">\n\t\t\t\t\t<div class=\"anwp-pg-category__wrapper-filled px-2 d-flex align-items-center anwp-pg-post-teaser__category-wrapper align-self-end anwp-pg-category-parent-0\" style=\"background-color: #1565C0\"><span>Noticias<\/span><\/div>\t\t\t\t<\/div>\n\t\t\t\n\t\t\t<div class=\"anwp-pg-post-teaser__title anwp-font-heading mt-auto mb-1\">\n\t\t\t\tMisa de Acci\u00f3n de Gracias en Arica\t\t\t<\/div>\n\n\t\t\t\t\t\t\t<div class=\"anwp-pg-post-teaser__bottom-meta mt-1 position-relative mb-2\">\n\t\t\t\t\t<span class=\"posted-on m-0\"><span class=\"screen-reader-text\">Posted on<\/span><time class=\"anwp-pg-published\" datetime=\"2026-04-23T10:43:21-04:00\">23 abril, 2026<\/time><time class=\"anwp-pg-updated\" datetime=\"2026-04-23T10:43:22-04:00\">23 abril, 2026<\/time><\/span>\n\t\t\t\t<\/div>\n\t\t\t\t\t<\/div>\n\n\t\t<a class=\"anwp-position-cover anwp-link-without-effects\" href=\"https:\/\/obispadoarica.cl\/home\/misa-de-accion-de-gracias-en-arica\/\" aria-hidden=\"true\" ><\/a>\n\t<\/div>\n<\/div>\n<div class=\"anwp-pg-post-teaser anwp-pg-post-teaser--layout-a swiper-slide\">\n\t<div class=\"anwp-pg-post-teaser__thumbnail position-relative\">\n\n\t\t\n\t\t\t\t\t<img loading=\"lazy\" class=\"anwp-pg-post-teaser__thumbnail-img d-block anwp-pg-height-180 anwp-object-cover m-0 w-100\"\n\t\t\t\talt=\"70 a\u00f1os Caritas: Desaf\u00edos de la sociedad chilena y el nuevo compromiso social\"\n\t\t\t\tsrc=\"https:\/\/obispadoarica.cl\/home\/wp-content\/uploads\/2026\/04\/channels4_profile-300x300.jpg\" \/>\n\t\t\n\t\t<div class=\"anwp-pg-post-teaser__muted_bg\"><\/div>\n\t\t<div class=\"anwp-pg-post-teaser__thumbnail-bg anwp-position-cover\"><\/div>\n\n\t\t<div class=\"anwp-pg-post-teaser__content d-flex flex-column anwp-position-cover\">\n\t\t\t<div class=\"anwp-pg-post-teaser__top-meta d-flex mb-2\">\n\t\t\t\t\t\t\t<\/div>\n\n\t\t\t\t\t\t\t<div class=\"d-flex flex-column anwp-pg-post-teaser__category-column ml-auto\">\n\t\t\t\t\t<div class=\"anwp-pg-category__wrapper-filled px-2 d-flex align-items-center anwp-pg-post-teaser__category-wrapper align-self-end anwp-pg-category-parent-0\" style=\"background-color: #1565C0\"><span>Noticias<\/span><\/div>\t\t\t\t<\/div>\n\t\t\t\n\t\t\t<div class=\"anwp-pg-post-teaser__title anwp-font-heading mt-auto mb-1\">\n\t\t\t\t70 a\u00f1os Caritas: Desaf\u00edos de la sociedad chilena y el nuevo compromiso social\t\t\t<\/div>\n\n\t\t\t\t\t\t\t<div class=\"anwp-pg-post-teaser__bottom-meta mt-1 position-relative mb-2\">\n\t\t\t\t\t<span class=\"posted-on m-0\"><span class=\"screen-reader-text\">Posted on<\/span><time class=\"anwp-pg-published\" datetime=\"2026-04-17T22:15:27-04:00\">17 abril, 2026<\/time><time class=\"anwp-pg-updated\" datetime=\"2026-04-17T22:15:29-04:00\">17 abril, 2026<\/time><\/span>\n\t\t\t\t<\/div>\n\t\t\t\t\t<\/div>\n\n\t\t<a class=\"anwp-position-cover anwp-link-without-effects\" href=\"https:\/\/obispadoarica.cl\/home\/70-anos-caritas-desafios-de-la-sociedad-chilena-y-el-nuevo-compromiso-social\/\" aria-hidden=\"true\" ><\/a>\n\t<\/div>\n<\/div>\n<div class=\"anwp-pg-post-teaser anwp-pg-post-teaser--layout-a swiper-slide\">\n\t<div class=\"anwp-pg-post-teaser__thumbnail position-relative\">\n\n\t\t\n\t\t\t\t\t<img loading=\"lazy\" class=\"anwp-pg-post-teaser__thumbnail-img d-block anwp-pg-height-180 anwp-object-cover m-0 w-100\"\n\t\t\t\talt=\"Mois\u00e9s Atisha: \u201cAyudemos a ver en las otras personas a iguales en dignidad\u201d\"\n\t\t\t\tsrc=\"https:\/\/obispadoarica.cl\/home\/wp-content\/uploads\/2026\/04\/moises-atisha-850x310.jpg-300x109.webp\" \/>\n\t\t\n\t\t<div class=\"anwp-pg-post-teaser__muted_bg\"><\/div>\n\t\t<div class=\"anwp-pg-post-teaser__thumbnail-bg anwp-position-cover\"><\/div>\n\n\t\t<div class=\"anwp-pg-post-teaser__content d-flex flex-column anwp-position-cover\">\n\t\t\t<div class=\"anwp-pg-post-teaser__top-meta d-flex mb-2\">\n\t\t\t\t\t\t\t<\/div>\n\n\t\t\t\t\t\t\t<div class=\"d-flex flex-column anwp-pg-post-teaser__category-column ml-auto\">\n\t\t\t\t\t<div class=\"anwp-pg-category__wrapper-filled px-2 d-flex align-items-center anwp-pg-post-teaser__category-wrapper align-self-end anwp-pg-category-parent-0\" style=\"background-color: #1565C0\"><span>Noticias<\/span><\/div>\t\t\t\t<\/div>\n\t\t\t\n\t\t\t<div class=\"anwp-pg-post-teaser__title anwp-font-heading mt-auto mb-1\">\n\t\t\t\tMois\u00e9s Atisha: \u201cAyudemos a ver en las otras personas a iguales en dignidad\u201d\t\t\t<\/div>\n\n\t\t\t\t\t\t\t<div class=\"anwp-pg-post-teaser__bottom-meta mt-1 position-relative mb-2\">\n\t\t\t\t\t<span class=\"posted-on m-0\"><span class=\"screen-reader-text\">Posted on<\/span><time class=\"anwp-pg-published\" datetime=\"2026-04-17T22:06:00-04:00\">17 abril, 2026<\/time><time class=\"anwp-pg-updated\" datetime=\"2026-04-17T22:06:01-04:00\">17 abril, 2026<\/time><\/span>\n\t\t\t\t<\/div>\n\t\t\t\t\t<\/div>\n\n\t\t<a class=\"anwp-position-cover anwp-link-without-effects\" href=\"https:\/\/obispadoarica.cl\/home\/moises-atisha-ayudemos-a-ver-en-las-otras-personas-a-iguales-en-dignidad\/\" aria-hidden=\"true\" ><\/a>\n\t<\/div>\n<\/div>\n<div class=\"anwp-pg-post-teaser anwp-pg-post-teaser--layout-a swiper-slide\">\n\t<div class=\"anwp-pg-post-teaser__thumbnail position-relative\">\n\n\t\t\n\t\t\t\t\t<img loading=\"lazy\" class=\"anwp-pg-post-teaser__thumbnail-img d-block anwp-pg-height-180 anwp-object-cover m-0 w-100\"\n\t\t\t\talt=\"Con fe y gratitud, comunidad de El Carmen da la bienvenida a su nuevo p\u00e1rroco\"\n\t\t\t\tsrc=\"https:\/\/obispadoarica.cl\/home\/wp-content\/uploads\/2026\/04\/img_gale_69dd92126f366_13042026-300x225.jpg\" \/>\n\t\t\n\t\t<div class=\"anwp-pg-post-teaser__muted_bg\"><\/div>\n\t\t<div class=\"anwp-pg-post-teaser__thumbnail-bg anwp-position-cover\"><\/div>\n\n\t\t<div class=\"anwp-pg-post-teaser__content d-flex flex-column anwp-position-cover\">\n\t\t\t<div class=\"anwp-pg-post-teaser__top-meta d-flex mb-2\">\n\t\t\t\t\t\t\t<\/div>\n\n\t\t\t\t\t\t\t<div class=\"d-flex flex-column anwp-pg-post-teaser__category-column ml-auto\">\n\t\t\t\t\t<div class=\"anwp-pg-category__wrapper-filled px-2 d-flex align-items-center anwp-pg-post-teaser__category-wrapper align-self-end anwp-pg-category-parent-0\" style=\"background-color: #1565C0\"><span>Noticias<\/span><\/div>\t\t\t\t<\/div>\n\t\t\t\n\t\t\t<div class=\"anwp-pg-post-teaser__title anwp-font-heading mt-auto mb-1\">\n\t\t\t\tCon fe y gratitud, comunidad de El Carmen da la bienvenida a su nuevo p\u00e1rroco\t\t\t<\/div>\n\n\t\t\t\t\t\t\t<div class=\"anwp-pg-post-teaser__bottom-meta mt-1 position-relative mb-2\">\n\t\t\t\t\t<span class=\"posted-on m-0\"><span class=\"screen-reader-text\">Posted on<\/span><time class=\"anwp-pg-published\" datetime=\"2026-04-14T21:11:11-04:00\">14 abril, 2026<\/time><time class=\"anwp-pg-updated\" datetime=\"2026-04-14T21:11:12-04:00\">14 abril, 2026<\/time><\/span>\n\t\t\t\t<\/div>\n\t\t\t\t\t<\/div>\n\n\t\t<a class=\"anwp-position-cover anwp-link-without-effects\" href=\"https:\/\/obispadoarica.cl\/home\/con-fe-y-gratitud-comunidad-de-el-carmen-da-la-bienvenida-a-su-nuevo-parroco\/\" aria-hidden=\"true\" ><\/a>\n\t<\/div>\n<\/div>\n\t\t<\/div>\n\n\t\t\t\t\t\t\t\t\t<div class=\"swiper-pagination\"><\/div>\n\t\t\t\t\t\t\t\t\t\t<div class=\"elementor-swiper-button elementor-swiper-button-prev\">\n\t\t\t\t\t<svg class=\"anwp-pg-icon anwp-pg-icon--feather anwp-pg-icon--s28\">\n\t\t\t\t\t\t<use xlink:href=\"#icon-anwp-pg-chevron-left\"><\/use>\n\t\t\t\t\t<\/svg>\n\t\t\t\t\t<span class=\"elementor-screen-only\">Previous<\/span>\n\t\t\t\t<\/div>\n\t\t\t\t<div class=\"elementor-swiper-button elementor-swiper-button-next\">\n\t\t\t\t\t<svg class=\"anwp-pg-icon anwp-pg-icon--feather anwp-pg-icon--s28\">\n\t\t\t\t\t\t<use xlink:href=\"#icon-anwp-pg-chevron-right\"><\/use>\n\t\t\t\t\t<\/svg>\n\t\t\t\t\t<span class=\"elementor-screen-only\">Next<\/span>\n\t\t\t\t<\/div>\n\t\t\t\t\t\t<\/div>\n<\/div>\n\t\t\t\t<\/div>\n\t\t\t\t<\/div>\n\t\t\t\t\t<\/div>\n\t\t<\/div>\n\t\t\t\t\t<\/div>\n\t\t<\/section>\n\t\t\t\t<section class=\"elementor-section elementor-top-section elementor-element elementor-element-294481e elementor-section-boxed elementor-section-height-default elementor-section-height-default\" data-id=\"294481e\" data-element_type=\"section\">\n\t\t\t\t\t\t<div class=\"elementor-container elementor-column-gap-default\">\n\t\t\t\t\t<div class=\"elementor-column elementor-col-100 elementor-top-column elementor-element elementor-element-b870d50\" data-id=\"b870d50\" data-element_type=\"column\">\n\t\t\t<div class=\"elementor-widget-wrap elementor-element-populated\">\n\t\t\t\t\t\t<div class=\"elementor-element elementor-element-75ed776 elementor-widget elementor-widget-heading\" data-id=\"75ed776\" data-element_type=\"widget\" data-widget_type=\"heading.default\">\n\t\t\t\t<div class=\"elementor-widget-container\">\n\t\t\t\t\t<h2 class=\"elementor-heading-title elementor-size-default\">Obispo Diocesano es Monse\u00f1or Mois\u00e9s Atisha<\/h2>\t\t\t\t<\/div>\n\t\t\t\t<\/div>\n\t\t\t\t\t<\/div>\n\t\t<\/div>\n\t\t\t\t\t<\/div>\n\t\t<\/section>\n\t\t\t\t<section class=\"elementor-section elementor-top-section elementor-element elementor-element-dc4759c elementor-section-boxed elementor-section-height-default elementor-section-height-default\" data-id=\"dc4759c\" data-element_type=\"section\">\n\t\t\t\t\t\t<div class=\"elementor-container elementor-column-gap-default\">\n\t\t\t\t\t<div class=\"elementor-column elementor-col-100 elementor-top-column elementor-element elementor-element-369644b1\" data-id=\"369644b1\" data-element_type=\"column\">\n\t\t\t<div class=\"elementor-widget-wrap elementor-element-populated\">\n\t\t\t\t\t\t<div class=\"elementor-element elementor-element-537ab8f2 elementor-widget elementor-widget-text-editor\" data-id=\"537ab8f2\" data-element_type=\"widget\" data-widget_type=\"text-editor.default\">\n\t\t\t\t<div class=\"elementor-widget-container\">\n\t\t\t\t\t\t\t\t\t<p><i class=\"fas fa-calendar-alt\"><\/i>\u00a0<strong>Fecha Nacimiento:<\/strong>\u00a027-02-1969<br \/><i class=\"fas fa-calendar-alt\"><\/i>\u00a0<strong>Fecha Ordenaci\u00f3n Sacerdotal:<\/strong>\u00a014-12-1994<br \/><i class=\"fas fa-calendar-alt\"><\/i>\u00a0<strong>Fecha Ordenaci\u00f3n Episcopal:<\/strong>\u00a017-01-2015<br \/><i class=\"fas fa-envelope\"><\/i>\u00a0<strong>Contacto:<\/strong>\u00a0<a href=\"mailto:arica@episcopado.cl\">arica@episcopado.cl<\/a><br \/><i class=\"fas fa-cross\"><\/i>\u00a0<strong>Lema Episcopal:<\/strong>\u00a0Coraz\u00f3n a Dios y manos al trabajo<\/p>\t\t\t\t\t\t\t\t<\/div>\n\t\t\t\t<\/div>\n\t\t\t\t\t<\/div>\n\t\t<\/div>\n\t\t\t\t\t<\/div>\n\t\t<\/section>\n\t\t\t\t<section class=\"elementor-section elementor-top-section elementor-element elementor-element-6fb7189 elementor-section-boxed elementor-section-height-default elementor-section-height-default\" data-id=\"6fb7189\" data-element_type=\"section\">\n\t\t\t\t\t\t<div class=\"elementor-container elementor-column-gap-default\">\n\t\t\t\t\t<div class=\"elementor-column elementor-col-100 elementor-top-column elementor-element elementor-element-b0476ef\" data-id=\"b0476ef\" data-element_type=\"column\">\n\t\t\t<div class=\"elementor-widget-wrap elementor-element-populated\">\n\t\t\t\t\t\t<div class=\"elementor-element elementor-element-fe0c635 elementor-widget elementor-widget-image\" data-id=\"fe0c635\" data-element_type=\"widget\" data-widget_type=\"image.default\">\n\t\t\t\t<div class=\"elementor-widget-container\">\n\t\t\t\t\t\t\t\t\t\t\t\t\t\t\t<img fetchpriority=\"high\" decoding=\"async\" width=\"1020\" height=\"573\" src=\"https:\/\/obispadoarica.cl\/home\/wp-content\/uploads\/2022\/06\/cq5dam.thumbnail.cropped.1500.844-1024x575.jpeg\" class=\"attachment-large size-large wp-image-679\" alt=\"\" srcset=\"https:\/\/obispadoarica.cl\/home\/wp-content\/uploads\/2022\/06\/cq5dam.thumbnail.cropped.1500.844-1024x575.jpeg 1024w, https:\/\/obispadoarica.cl\/home\/wp-content\/uploads\/2022\/06\/cq5dam.thumbnail.cropped.1500.844-300x169.jpeg 300w, https:\/\/obispadoarica.cl\/home\/wp-content\/uploads\/2022\/06\/cq5dam.thumbnail.cropped.1500.844-768x432.jpeg 768w, https:\/\/obispadoarica.cl\/home\/wp-content\/uploads\/2022\/06\/cq5dam.thumbnail.cropped.1500.844.jpeg 1500w\" sizes=\"(max-width: 1020px) 100vw, 1020px\" \/>\t\t\t\t\t\t\t\t\t\t\t\t\t\t\t<\/div>\n\t\t\t\t<\/div>\n\t\t\t\t\t<\/div>\n\t\t<\/div>\n\t\t\t\t\t<\/div>\n\t\t<\/section>\n\t\t\t\t<section class=\"elementor-section elementor-top-section elementor-element elementor-element-faa7099 elementor-section-boxed elementor-section-height-default elementor-section-height-default\" data-id=\"faa7099\" data-element_type=\"section\">\n\t\t\t\t\t\t<div class=\"elementor-container elementor-column-gap-default\">\n\t\t\t\t\t<div class=\"elementor-column elementor-col-100 elementor-top-column elementor-element elementor-element-9c2bba2\" data-id=\"9c2bba2\" data-element_type=\"column\">\n\t\t\t<div class=\"elementor-widget-wrap elementor-element-populated\">\n\t\t\t\t\t\t<div class=\"elementor-element elementor-element-a2fa206 elementor-widget elementor-widget-text-editor\" data-id=\"a2fa206\" data-element_type=\"widget\" data-widget_type=\"text-editor.default\">\n\t\t\t\t<div class=\"elementor-widget-container\">\n\t\t\t\t\t\t\t\t\t<p><strong>Biograf\u00eda:\u00a0<br \/><\/strong><\/p>\n<p>El presb\u00edtero Mois\u00e9s Carlos Atisha Contreras naci\u00f3 en Santiago de Chile el 27 de febrero de 1969.<\/p>\n<p>Hizo sus estudios primarios y medios en el Colegio Hispano Americano.<br \/><br \/>Ingres\u00f3 al Seminario Menor de la Orden de los Cl\u00e9rigos Regulares Pobres de la Madre de Dios de las Escuelas P\u00edas (Orden de los Padres Escolapios) para el postulantado, el noviciado y los estudios en vista al sacerdocio, que curs\u00f3 en la Facultad de Teolog\u00eda de la Pontificia Universidad Cat\u00f3lica de Chile.<br \/><br \/>Despu\u00e9s del Noviciado, el 13 de marzo de 1988 hizo su primera profesi\u00f3n religiosa y el 8 de diciembre de 1993 hizo su profesi\u00f3n solemne.<br \/><br \/>El 25 de marzo de 1994 fue ordenado di\u00e1cono en Santiago por Mons. Pablo Lizama Riquelme, entonces obispo de Melipilla y en la actualidad arzobispo de Antofagasta.<br \/><br \/>El 14 de diciembre de 1994 recibi\u00f3 la ordenaci\u00f3n sacerdotal en la capilla del Colegio Hispanoamericano en Santiago, de manos de Mons. Sergio Valech Aldunate, obispo auxiliar de Santiago de Chile.<br \/><br \/>En su Instituto se ha desempe\u00f1ado en el \u00e1mbito educativo y como acompa\u00f1ante espiritual del Colegio Hispano Americano y Colegio Calasanz.<br \/><br \/>En 1998 pidi\u00f3 la autorizaci\u00f3n para vivir fuera de su comunidad religiosa y fue acogido por el arzobispo de Santiago de Chile, Card. Francisco Javier Err\u00e1zuriz Ossa, quien lo destin\u00f3 al servicio pastoral, primero como vicario parroquial y luego como p\u00e1rroco de la parroquia Jes\u00fas Servidor.<br \/><br \/>El 8 de junio de 2001, la Congregaci\u00f3n para los Institutos de Vida Consagrada y las Sociedades de Vida Apost\u00f3lica le concedi\u00f3 el indulto para dejar la orden de los Escolapios e incardinarse en la arquidi\u00f3cesis de Santiago de Chile; en el mismo a\u00f1o el Card. Err\u00e1zuriz le concedi\u00f3 la incardinaci\u00f3n.<br \/><br \/>En la arquidi\u00f3cesis de Santiago realiz\u00f3 su ministerio en la parroquia Jes\u00fas Servidor: primero como vicario parroquial (1999-2001) y posteriormente como p\u00e1rroco (2001-2010).<br \/><br \/>Desde marzo de 2010 es p\u00e1rroco de la parroquia Ascensi\u00f3n del Se\u00f1or, en la Zona Oeste de la arquidi\u00f3cesis de Santiago de Chile, y desde marzo de 2013 es tambi\u00e9n responsable de la Oficina Pastoral de Denuncias del Arzobispado de Santiago de Chile (OPADE).<br \/><br \/>Ha sido secretario ejecutivo de la Comisi\u00f3n Nacional de Pastoral Juvenil de la Conferencia Episcopal de Chile.<br \/><br \/>El 21 de noviembre de 2014 ha sido nombrado Obispo de la di\u00f3cesis de San Marcos de Arica.<br \/><br \/>El 17 de Enero de 2015 ha sido ordenado por el Cardenal Ricardo Ezzati Andrello.<\/p>\t\t\t\t\t\t\t\t<\/div>\n\t\t\t\t<\/div>\n\t\t\t\t\t<\/div>\n\t\t<\/div>\n\t\t\t\t\t<\/div>\n\t\t<\/section>\n\t\t\t\t<\/div>\n\t\t","protected":false},"excerpt":{"rendered":"<p>0 Sin categor\u00eda Saludo de Navidad de Monse\u00f1or Mois\u00e9s Atisha Posted on23 diciembre, 202423 diciembre, 2024 0 Noticias Carta de hoy mi\u00e9rcoles 18 de diciembre en el Mercurio. Posted on18 diciembre, 202418 diciembre, 2024 0 Noticias Bolet\u00edn Diciembre 2024 Posted on2 diciembre, 20242 diciembre, 2024 0 Noticias Especial Adviento y Navidad 2024 en Iglesia.cl Posted [&#8230;]\n","protected":false},"author":2,"featured_media":0,"parent":0,"menu_order":0,"comment_status":"closed","ping_status":"closed","template":"","meta":{"footnotes":""},"class_list":["post-418","page","type-page","status-publish","hentry"],"yoast_head":"<!-- This site is optimized with the Yoast SEO plugin v24.6 - https:\/\/yoast.com\/wordpress\/plugins\/seo\/ -->\n<title>\u00a0Obispo Diocesano - Obispado San Marcos de Arica<\/title>\n<meta name=\"robots\" content=\"index, follow, max-snippet:-1, max-image-preview:large, max-video-preview:-1\" \/>\n<link rel=\"canonical\" href=\"https:\/\/obispadoarica.cl\/home\/obispo-diocesano\/\" \/>\n<meta property=\"og:locale\" content=\"es_ES\" \/>\n<meta property=\"og:type\" content=\"article\" \/>\n<meta property=\"og:title\" content=\"\u00a0Obispo Diocesano - Obispado San Marcos de Arica\" \/>\n<meta property=\"og:description\" content=\"0 Sin categor\u00eda Saludo de Navidad de Monse\u00f1or Mois\u00e9s Atisha Posted on23 diciembre, 202423 diciembre, 2024 0 Noticias Carta de hoy mi\u00e9rcoles 18 de diciembre en el Mercurio. Posted on18 diciembre, 202418 diciembre, 2024 0 Noticias Bolet\u00edn Diciembre 2024 Posted on2 diciembre, 20242 diciembre, 2024 0 Noticias Especial Adviento y Navidad 2024 en Iglesia.cl Posted [...]\" \/>\n<meta property=\"og:url\" content=\"https:\/\/obispadoarica.cl\/home\/obispo-diocesano\/\" \/>\n<meta property=\"og:site_name\" content=\"Obispado San Marcos de Arica\" \/>\n<meta property=\"article:modified_time\" content=\"2024-12-24T05:05:57+00:00\" \/>\n<meta property=\"og:image\" content=\"https:\/\/obispadoarica.cl\/home\/wp-content\/uploads\/2024\/12\/saludonavportada-300x169.jpg\" \/>\n<meta name=\"twitter:card\" content=\"summary_large_image\" \/>\n<meta name=\"twitter:label1\" content=\"Tiempo de lectura\" \/>\n\t<meta name=\"twitter:data1\" content=\"4 minutos\" \/>\n<script type=\"application\/ld+json\" class=\"yoast-schema-graph\">{\"@context\":\"https:\/\/schema.org\",\"@graph\":[{\"@type\":\"WebPage\",\"@id\":\"https:\/\/obispadoarica.cl\/home\/obispo-diocesano\/\",\"url\":\"https:\/\/obispadoarica.cl\/home\/obispo-diocesano\/\",\"name\":\"\u00a0Obispo Diocesano - Obispado San Marcos de Arica\",\"isPartOf\":{\"@id\":\"https:\/\/obispadoarica.cl\/home\/#website\"},\"primaryImageOfPage\":{\"@id\":\"https:\/\/obispadoarica.cl\/home\/obispo-diocesano\/#primaryimage\"},\"image\":{\"@id\":\"https:\/\/obispadoarica.cl\/home\/obispo-diocesano\/#primaryimage\"},\"thumbnailUrl\":\"https:\/\/obispadoarica.cl\/home\/wp-content\/uploads\/2024\/12\/saludonavportada-300x169.jpg\",\"datePublished\":\"2022-03-08T05:13:44+00:00\",\"dateModified\":\"2024-12-24T05:05:57+00:00\",\"breadcrumb\":{\"@id\":\"https:\/\/obispadoarica.cl\/home\/obispo-diocesano\/#breadcrumb\"},\"inLanguage\":\"es\",\"potentialAction\":[{\"@type\":\"ReadAction\",\"target\":[\"https:\/\/obispadoarica.cl\/home\/obispo-diocesano\/\"]}]},{\"@type\":\"ImageObject\",\"inLanguage\":\"es\",\"@id\":\"https:\/\/obispadoarica.cl\/home\/obispo-diocesano\/#primaryimage\",\"url\":\"https:\/\/obispadoarica.cl\/home\/wp-content\/uploads\/2024\/12\/saludonavportada.jpg\",\"contentUrl\":\"https:\/\/obispadoarica.cl\/home\/wp-content\/uploads\/2024\/12\/saludonavportada.jpg\",\"width\":1920,\"height\":1080},{\"@type\":\"BreadcrumbList\",\"@id\":\"https:\/\/obispadoarica.cl\/home\/obispo-diocesano\/#breadcrumb\",\"itemListElement\":[{\"@type\":\"ListItem\",\"position\":1,\"name\":\"Portada\",\"item\":\"https:\/\/obispadoarica.cl\/home\/\"},{\"@type\":\"ListItem\",\"position\":2,\"name\":\"\u00a0Obispo Diocesano\"}]},{\"@type\":\"WebSite\",\"@id\":\"https:\/\/obispadoarica.cl\/home\/#website\",\"url\":\"https:\/\/obispadoarica.cl\/home\/\",\"name\":\"Obispado San Marcos de Arica\",\"description\":\"Di\u00f3cesis San Marcos de Arica\",\"potentialAction\":[{\"@type\":\"SearchAction\",\"target\":{\"@type\":\"EntryPoint\",\"urlTemplate\":\"https:\/\/obispadoarica.cl\/home\/?s={search_term_string}\"},\"query-input\":{\"@type\":\"PropertyValueSpecification\",\"valueRequired\":true,\"valueName\":\"search_term_string\"}}],\"inLanguage\":\"es\"}]}<\/script>\n<!-- \/ Yoast SEO plugin. -->","yoast_head_json":{"title":"\u00a0Obispo Diocesano - Obispado San Marcos de Arica","robots":{"index":"index","follow":"follow","max-snippet":"max-snippet:-1","max-image-preview":"max-image-preview:large","max-video-preview":"max-video-preview:-1"},"canonical":"https:\/\/obispadoarica.cl\/home\/obispo-diocesano\/","og_locale":"es_ES","og_type":"article","og_title":"\u00a0Obispo Diocesano - Obispado San Marcos de Arica","og_description":"0 Sin categor\u00eda Saludo de Navidad de Monse\u00f1or Mois\u00e9s Atisha Posted on23 diciembre, 202423 diciembre, 2024 0 Noticias Carta de hoy mi\u00e9rcoles 18 de diciembre en el Mercurio. Posted on18 diciembre, 202418 diciembre, 2024 0 Noticias Bolet\u00edn Diciembre 2024 Posted on2 diciembre, 20242 diciembre, 2024 0 Noticias Especial Adviento y Navidad 2024 en Iglesia.cl Posted [...]","og_url":"https:\/\/obispadoarica.cl\/home\/obispo-diocesano\/","og_site_name":"Obispado San Marcos de Arica","article_modified_time":"2024-12-24T05:05:57+00:00","og_image":[{"url":"https:\/\/obispadoarica.cl\/home\/wp-content\/uploads\/2024\/12\/saludonavportada-300x169.jpg","type":"","width":"","height":""}],"twitter_card":"summary_large_image","twitter_misc":{"Tiempo de lectura":"4 minutos"},"schema":{"@context":"https:\/\/schema.org","@graph":[{"@type":"WebPage","@id":"https:\/\/obispadoarica.cl\/home\/obispo-diocesano\/","url":"https:\/\/obispadoarica.cl\/home\/obispo-diocesano\/","name":"\u00a0Obispo Diocesano - Obispado San Marcos de Arica","isPartOf":{"@id":"https:\/\/obispadoarica.cl\/home\/#website"},"primaryImageOfPage":{"@id":"https:\/\/obispadoarica.cl\/home\/obispo-diocesano\/#primaryimage"},"image":{"@id":"https:\/\/obispadoarica.cl\/home\/obispo-diocesano\/#primaryimage"},"thumbnailUrl":"https:\/\/obispadoarica.cl\/home\/wp-content\/uploads\/2024\/12\/saludonavportada-300x169.jpg","datePublished":"2022-03-08T05:13:44+00:00","dateModified":"2024-12-24T05:05:57+00:00","breadcrumb":{"@id":"https:\/\/obispadoarica.cl\/home\/obispo-diocesano\/#breadcrumb"},"inLanguage":"es","potentialAction":[{"@type":"ReadAction","target":["https:\/\/obispadoarica.cl\/home\/obispo-diocesano\/"]}]},{"@type":"ImageObject","inLanguage":"es","@id":"https:\/\/obispadoarica.cl\/home\/obispo-diocesano\/#primaryimage","url":"https:\/\/obispadoarica.cl\/home\/wp-content\/uploads\/2024\/12\/saludonavportada.jpg","contentUrl":"https:\/\/obispadoarica.cl\/home\/wp-content\/uploads\/2024\/12\/saludonavportada.jpg","width":1920,"height":1080},{"@type":"BreadcrumbList","@id":"https:\/\/obispadoarica.cl\/home\/obispo-diocesano\/#breadcrumb","itemListElement":[{"@type":"ListItem","position":1,"name":"Portada","item":"https:\/\/obispadoarica.cl\/home\/"},{"@type":"ListItem","position":2,"name":"\u00a0Obispo Diocesano"}]},{"@type":"WebSite","@id":"https:\/\/obispadoarica.cl\/home\/#website","url":"https:\/\/obispadoarica.cl\/home\/","name":"Obispado San Marcos de Arica","description":"Di\u00f3cesis San Marcos de Arica","potentialAction":[{"@type":"SearchAction","target":{"@type":"EntryPoint","urlTemplate":"https:\/\/obispadoarica.cl\/home\/?s={search_term_string}"},"query-input":{"@type":"PropertyValueSpecification","valueRequired":true,"valueName":"search_term_string"}}],"inLanguage":"es"}]}},"_links":{"self":[{"href":"https:\/\/obispadoarica.cl\/home\/wp-json\/wp\/v2\/pages\/418","targetHints":{"allow":["GET"]}}],"collection":[{"href":"https:\/\/obispadoarica.cl\/home\/wp-json\/wp\/v2\/pages"}],"about":[{"href":"https:\/\/obispadoarica.cl\/home\/wp-json\/wp\/v2\/types\/page"}],"author":[{"embeddable":true,"href":"https:\/\/obispadoarica.cl\/home\/wp-json\/wp\/v2\/users\/2"}],"replies":[{"embeddable":true,"href":"https:\/\/obispadoarica.cl\/home\/wp-json\/wp\/v2\/comments?post=418"}],"version-history":[{"count":29,"href":"https:\/\/obispadoarica.cl\/home\/wp-json\/wp\/v2\/pages\/418\/revisions"}],"predecessor-version":[{"id":3203,"href":"https:\/\/obispadoarica.cl\/home\/wp-json\/wp\/v2\/pages\/418\/revisions\/3203"}],"wp:attachment":[{"href":"https:\/\/obispadoarica.cl\/home\/wp-json\/wp\/v2\/media?parent=418"}],"curies":[{"name":"wp","href":"https:\/\/api.w.org\/{rel}","templated":true}]}}